{"id":99,"date":"2017-03-23T22:10:50","date_gmt":"2017-03-23T21:10:50","guid":{"rendered":"https:\/\/asacbascobearnais.wordpress.com\/?page_id=99"},"modified":"2025-07-09T09:32:05","modified_gmt":"2025-07-09T07:32:05","slug":"17eme-rallye-tt-orthez-bearn","status":"publish","type":"page","link":"http:\/\/www.asac-bascobearnais.asso.fr\/?page_id=99","title":{"rendered":"Rallye TT Orthez B\u00e9arn"},"content":{"rendered":"<h3 style=\"text-align: left;\">La 24\u00e8me \u00e9dition du Rallye TT Orthez-B\u00e9arn se d\u00e9roulera les 08, 09 et 10 Ao\u00fbt 2025<\/h3>\n<p><strong>POUR LES\u00a0ENGAG\u00c9S\u00a0QUI SOUHAITENT FAIRE UN VIREMENT, VEUILLEZ TROUVER LE RIB DE L&rsquo;ECURIE \u00a0: \u00a0<a href=\"http:\/\/www.asac-bascobearnais.asso.fr\/wp-content\/uploads\/2023\/07\/rib-ORTHEZ.pdf\">rib ORTHEZ<\/a><\/strong><\/p>\n<h6><strong>MERCI DE NOUS FAIRE PARVENIR LA CONFIRMATION DU VIREMENT AFIN DE LE METTRE AVEC VOTRE ENGAGEMENT A L&rsquo;ADRESSE MAIL :<\/strong> <a href=\"mailto:asacpau@orange.fr\">asacpau@orange.fr<\/a><\/h6>\n<p>*ATTENTION AUCUN ENGAGEMENT NE SERA PRIS EN COMPTE SANS CETTE CONFIRMATION.<\/p>\n<p>VISA \/ RP : <a href=\"http:\/\/www.asac-bascobearnais.asso.fr\/wp-content\/uploads\/2025\/07\/VISA-FFSA-379-Rallye-TT-Orthez-Bearn.pdf\">VISA FFSA 379 &#8211; Rallye TT Orthez Bearn<\/a><\/p>\n<p>Version EXCEL : <a href=\"http:\/\/www.asac-bascobearnais.asso.fr\/wp-content\/uploads\/2025\/07\/Bulletin-engagement-orthez-.xlsx\">Bulletin engagement EXCEL<\/a><\/p>\n<p>Version PDF : <a href=\"http:\/\/www.asac-bascobearnais.asso.fr\/wp-content\/uploads\/2025\/07\/Bulletin-engagement-BARETOUS-20232.pdf\">Bulletin engagement PDF<\/a><\/p>\n<p>Voici la fiche navette : <a href=\"http:\/\/www.asac-bascobearnais.asso.fr\/wp-content\/uploads\/2025\/07\/Fiche-navette-verifs-ORTHEZ.pdf\">Fiche-navette-verifs-<\/a><\/p>\n<p><span style=\"font-size: revert;\">Horaires : <a href=\"http:\/\/www.asac-bascobearnais.asso.fr\/wp-content\/uploads\/2025\/07\/Orthez-timing-2025-indF.pdf\">Orthez timing 2025\u00a0<\/a><\/span><\/p>\n<p>Liste d\u00e9finitive des engag\u00e9s:<\/p>\n<div class=\"page\" title=\"Page 1\">\n<div class=\"layoutArea\">\n<div class=\"column\">\n<p>Tableau d\u2019affichage :<\/p>\n<\/div>\n<\/div>\n<\/div>\n<p><strong>Les horaires de convocation doivent \u00eatre respect\u00e9s :\u00a0<\/strong><\/p>\n","protected":false},"excerpt":{"rendered":"<p>La 24\u00e8me \u00e9dition du Rallye TT Orthez-B\u00e9arn se d\u00e9roulera les 08, 09 et 10 Ao\u00fbt 2025 POUR LES\u00a0ENGAG\u00c9S\u00a0QUI SOUHAITENT FAIRE UN VIREMENT, VEUILLEZ TROUVER LE RIB DE L&rsquo;ECURIE \u00a0: \u00a0rib ORTHEZ MERCI DE NOUS FAIRE PARVENIR LA CONFIRMATION DU VIREMENT AFIN DE LE METTRE AVEC VOTRE ENGAGEMENT A L&rsquo;ADRESSE MAIL : asacpau@orange.fr *ATTENTION AUCUN ENGAGEMENT&hellip; <\/p>\n<p class=\"toivo-read-more\"><a href=\"http:\/\/www.asac-bascobearnais.asso.fr\/?page_id=99\" class=\"more-link\">Lire la suite <span class=\"screen-reader-text\">Rallye TT Orthez B\u00e9arn<\/span><\/a><\/p>\n","protected":false},"author":1,"featured_media":0,"parent":70,"menu_order":0,"comment_status":"closed","ping_status":"closed","template":"","meta":{"footnotes":""},"_links":{"self":[{"href":"http:\/\/www.asac-bascobearnais.asso.fr\/index.php?rest_route=\/wp\/v2\/pages\/99"}],"collection":[{"href":"http:\/\/www.asac-bascobearnais.asso.fr\/index.php?rest_route=\/wp\/v2\/pages"}],"about":[{"href":"http:\/\/www.asac-bascobearnais.asso.fr\/index.php?rest_route=\/wp\/v2\/types\/page"}],"author":[{"embeddable":true,"href":"http:\/\/www.asac-bascobearnais.asso.fr\/index.php?rest_route=\/wp\/v2\/users\/1"}],"replies":[{"embeddable":true,"href":"http:\/\/www.asac-bascobearnais.asso.fr\/index.php?rest_route=%2Fwp%2Fv2%2Fcomments&post=99"}],"version-history":[{"count":102,"href":"http:\/\/www.asac-bascobearnais.asso.fr\/index.php?rest_route=\/wp\/v2\/pages\/99\/revisions"}],"predecessor-version":[{"id":3261,"href":"http:\/\/www.asac-bascobearnais.asso.fr\/index.php?rest_route=\/wp\/v2\/pages\/99\/revisions\/3261"}],"up":[{"embeddable":true,"href":"http:\/\/www.asac-bascobearnais.asso.fr\/index.php?rest_route=\/wp\/v2\/pages\/70"}],"wp:attachment":[{"href":"http:\/\/www.asac-bascobearnais.asso.fr\/index.php?rest_route=%2Fwp%2Fv2%2Fmedia&parent=99"}],"curies":[{"name":"wp","href":"https:\/\/api.w.org\/{rel}","templated":true}]}}