{"id":190,"date":"2017-03-24T22:07:00","date_gmt":"2017-03-24T21:07:00","guid":{"rendered":"https:\/\/asacbascobearnais.wordpress.com\/?page_id=190"},"modified":"2021-12-09T11:25:31","modified_gmt":"2021-12-09T10:25:31","slug":"federations-et-comite-regional","status":"publish","type":"page","link":"http:\/\/www.asac-bascobearnais.asso.fr\/?page_id=190","title":{"rendered":"F\u00e9d\u00e9rations et Ligue R\u00e9gionale"},"content":{"rendered":"<pre>F\u00e9d\u00e9ration Internationale Automobile : \n<a href=\"http:\/\/www.fia.com\/\"><img loading=\"lazy\" decoding=\"async\" class=\"irc_mi\" src=\"http:\/\/d24c1jjhvw5da9.cloudfront.net\/fr\/wp-content\/uploads\/sites\/2\/2018\/11\/800px-FIA_Logotype.jpg\" alt=\"R\u00e9sultat de recherche d'images pour &quot;LOGO FIA 2019&quot;\" width=\"230\" height=\"153\" \/><\/a><span style=\"color: #0000ff;\"> <a style=\"color: #0000ff;\" href=\"http:\/\/www.fia.com\/\">FIA<\/a><\/span><\/pre>\n<pre><br \/><br \/>F\u00e9d\u00e9ration Fran\u00e7aise du Sport Automobile : \n\n<span style=\"color: #0000ff;\"> <img loading=\"lazy\" decoding=\"async\" class=\"alignnone  wp-image-2268\" src=\"http:\/\/www.asac-bascobearnais.asso.fr\/wp-content\/uploads\/2021\/12\/Capture-d\u2019\u00e9cran-2021-12-09-\u00e0-11.24.26.png\" alt=\"\" width=\"250\" height=\"97\" srcset=\"http:\/\/www.asac-bascobearnais.asso.fr\/wp-content\/uploads\/2021\/12\/Capture-d\u2019\u00e9cran-2021-12-09-\u00e0-11.24.26.png 952w, http:\/\/www.asac-bascobearnais.asso.fr\/wp-content\/uploads\/2021\/12\/Capture-d\u2019\u00e9cran-2021-12-09-\u00e0-11.24.26-300x117.png 300w, http:\/\/www.asac-bascobearnais.asso.fr\/wp-content\/uploads\/2021\/12\/Capture-d\u2019\u00e9cran-2021-12-09-\u00e0-11.24.26-768x298.png 768w\" sizes=\"(max-width: 250px) 100vw, 250px\" \/> <a style=\"color: #0000ff;\" href=\"http:\/\/www.ffsa.org\/Pages\/home.aspx\">FFSA<\/a><br \/><br \/><br \/><\/span><\/pre>\n<pre>Ligue du Sport Automobile Nouvelle Aquitaine Sud : \n\n<a style=\"font-size: 1.125rem; text-decoration: underline; color: #525e66; outline: 0px;\" href=\"http:\/\/sport.auto.aquitaine.free.fr\/\"><img loading=\"lazy\" decoding=\"async\" class=\"wp-image-884 alignleft\" src=\"http:\/\/www.asac-bascobearnais.asso.fr\/wp-content\/uploads\/2018\/09\/logo-LIGUE.jpeg\" alt=\"\" width=\"197\" height=\"112\" srcset=\"http:\/\/www.asac-bascobearnais.asso.fr\/wp-content\/uploads\/2018\/09\/logo-LIGUE.jpeg 918w, http:\/\/www.asac-bascobearnais.asso.fr\/wp-content\/uploads\/2018\/09\/logo-LIGUE-300x170.jpeg 300w, http:\/\/www.asac-bascobearnais.asso.fr\/wp-content\/uploads\/2018\/09\/logo-LIGUE-768x435.jpeg 768w\" sizes=\"(max-width: 197px) 100vw, 197px\" \/><\/a><span style=\"color: #0000ff;\"><a style=\"font-size: 1.125rem; background-color: #f7f7f7; color: #0000ff;\" href=\"http:\/\/sport.auto.aquitaine.free.fr\/\">Ligue du Sport Auto Nouvelle\u00a0Aquitaine\u00a0Sud<\/a><\/span><\/pre>\n\n\n<p><\/p>\n","protected":false},"excerpt":{"rendered":"<p>F\u00e9d\u00e9ration Internationale Automobile : FIA F\u00e9d\u00e9ration Fran\u00e7aise du Sport Automobile : FFSA Ligue du Sport Automobile Nouvelle Aquitaine Sud : Ligue du Sport Auto Nouvelle\u00a0Aquitaine\u00a0Sud<\/p>\n","protected":false},"author":1,"featured_media":0,"parent":154,"menu_order":0,"comment_status":"closed","ping_status":"closed","template":"","meta":{"footnotes":""},"_links":{"self":[{"href":"http:\/\/www.asac-bascobearnais.asso.fr\/index.php?rest_route=\/wp\/v2\/pages\/190"}],"collection":[{"href":"http:\/\/www.asac-bascobearnais.asso.fr\/index.php?rest_route=\/wp\/v2\/pages"}],"about":[{"href":"http:\/\/www.asac-bascobearnais.asso.fr\/index.php?rest_route=\/wp\/v2\/types\/page"}],"author":[{"embeddable":true,"href":"http:\/\/www.asac-bascobearnais.asso.fr\/index.php?rest_route=\/wp\/v2\/users\/1"}],"replies":[{"embeddable":true,"href":"http:\/\/www.asac-bascobearnais.asso.fr\/index.php?rest_route=%2Fwp%2Fv2%2Fcomments&post=190"}],"version-history":[{"count":10,"href":"http:\/\/www.asac-bascobearnais.asso.fr\/index.php?rest_route=\/wp\/v2\/pages\/190\/revisions"}],"predecessor-version":[{"id":2270,"href":"http:\/\/www.asac-bascobearnais.asso.fr\/index.php?rest_route=\/wp\/v2\/pages\/190\/revisions\/2270"}],"up":[{"embeddable":true,"href":"http:\/\/www.asac-bascobearnais.asso.fr\/index.php?rest_route=\/wp\/v2\/pages\/154"}],"wp:attachment":[{"href":"http:\/\/www.asac-bascobearnais.asso.fr\/index.php?rest_route=%2Fwp%2Fv2%2Fmedia&parent=190"}],"curies":[{"name":"wp","href":"https:\/\/api.w.org\/{rel}","templated":true}]}}